{"id":3130,"date":"2020-08-11T21:46:56","date_gmt":"2020-08-11T21:46:56","guid":{"rendered":"http:\/\/ks-kretschmar.ks-gmbh.info\/?page_id=3130"},"modified":"2020-09-08T22:53:09","modified_gmt":"2020-09-08T22:53:09","slug":"standard-matratzen","status":"publish","type":"page","link":"https:\/\/ks-kretschmar.ks-gmbh.info\/en\/standard-matratzen\/","title":{"rendered":"Standard matresses"},"content":{"rendered":"<div data-elementor-type=\"wp-page\" data-elementor-id=\"3130\" class=\"elementor elementor-3130\">\n\t\t\t\t\t\t<section class=\"elementor-section elementor-top-section elementor-element elementor-element-422710d elementor-section-boxed elementor-section-height-default elementor-section-height-default\" data-id=\"422710d\" data-element_type=\"section\">\n\t\t\t\t\t\t<div class=\"elementor-container elementor-column-gap-default\">\n\t\t\t\t\t<div class=\"elementor-column elementor-col-50 elementor-top-column elementor-element elementor-element-0bfcb94\" data-id=\"0bfcb94\" data-element_type=\"column\">\n\t\t\t<div class=\"elementor-widget-wrap elementor-element-populated\">\n\t\t\t\t\t\t<div class=\"elementor-element elementor-element-fab3e7c elementor-position-top elementor-widget elementor-widget-image-box\" data-id=\"fab3e7c\" data-element_type=\"widget\" data-widget_type=\"image-box.default\">\n\t\t\t\t<div class=\"elementor-widget-container\">\n\t\t\t\t\t<div class=\"elementor-image-box-wrapper\"><figure class=\"elementor-image-box-img\"><img fetchpriority=\"high\" decoding=\"async\" width=\"300\" height=\"168\" src=\"https:\/\/ks-kretschmar.ks-gmbh.info\/wp-content\/uploads\/2020\/09\/Kretschmar-Bonnellmatratzen-300x168.jpg\" class=\"attachment-medium size-medium wp-image-3265\" alt=\"\" srcset=\"https:\/\/ks-kretschmar.ks-gmbh.info\/wp-content\/uploads\/2020\/09\/Kretschmar-Bonnellmatratzen-300x168.jpg 300w, https:\/\/ks-kretschmar.ks-gmbh.info\/wp-content\/uploads\/2020\/09\/Kretschmar-Bonnellmatratzen-1024x572.jpg 1024w, https:\/\/ks-kretschmar.ks-gmbh.info\/wp-content\/uploads\/2020\/09\/Kretschmar-Bonnellmatratzen-768x429.jpg 768w, https:\/\/ks-kretschmar.ks-gmbh.info\/wp-content\/uploads\/2020\/09\/Kretschmar-Bonnellmatratzen-1536x859.jpg 1536w, https:\/\/ks-kretschmar.ks-gmbh.info\/wp-content\/uploads\/2020\/09\/Kretschmar-Bonnellmatratzen.jpg 1560w\" sizes=\"(max-width: 300px) 100vw, 300px\" \/><\/figure><div class=\"elementor-image-box-content\"><h3 class=\"elementor-image-box-title\">Bonnell spring core<\/h3><p class=\"elementor-image-box-description\">Feste Federkonstruktion, sehr atmungsaktiv, f\u00fcr Objekt- und Homebereich geeignet<\/p><\/div><\/div>\t\t\t\t<\/div>\n\t\t\t\t<\/div>\n\t\t\t\t\t<\/div>\n\t\t<\/div>\n\t\t\t\t<div class=\"elementor-column elementor-col-50 elementor-top-column elementor-element elementor-element-6192a7b\" data-id=\"6192a7b\" data-element_type=\"column\">\n\t\t\t<div class=\"elementor-widget-wrap elementor-element-populated\">\n\t\t\t\t\t\t<div class=\"elementor-element elementor-element-881d4f2 elementor-position-top elementor-widget elementor-widget-image-box\" data-id=\"881d4f2\" data-element_type=\"widget\" data-widget_type=\"image-box.default\">\n\t\t\t\t<div class=\"elementor-widget-container\">\n\t\t\t\t\t<div class=\"elementor-image-box-wrapper\"><figure class=\"elementor-image-box-img\"><img decoding=\"async\" width=\"300\" height=\"173\" src=\"https:\/\/ks-kretschmar.ks-gmbh.info\/wp-content\/uploads\/2020\/09\/Kretschmar-Taschenfederkernmatratze-300x173.jpg\" class=\"attachment-medium size-medium wp-image-3267\" alt=\"\" srcset=\"https:\/\/ks-kretschmar.ks-gmbh.info\/wp-content\/uploads\/2020\/09\/Kretschmar-Taschenfederkernmatratze-300x173.jpg 300w, https:\/\/ks-kretschmar.ks-gmbh.info\/wp-content\/uploads\/2020\/09\/Kretschmar-Taschenfederkernmatratze-1024x591.jpg 1024w, https:\/\/ks-kretschmar.ks-gmbh.info\/wp-content\/uploads\/2020\/09\/Kretschmar-Taschenfederkernmatratze-768x443.jpg 768w, https:\/\/ks-kretschmar.ks-gmbh.info\/wp-content\/uploads\/2020\/09\/Kretschmar-Taschenfederkernmatratze-1536x886.jpg 1536w, https:\/\/ks-kretschmar.ks-gmbh.info\/wp-content\/uploads\/2020\/09\/Kretschmar-Taschenfederkernmatratze.jpg 1772w\" sizes=\"(max-width: 300px) 100vw, 300px\" \/><\/figure><div class=\"elementor-image-box-content\"><h3 class=\"elementor-image-box-title\">Pocket spring core<\/h3><p class=\"elementor-image-box-description\">Punktelastisch, atmungsaktiv, mit mehreren H\u00e4rtezonen und H\u00e4rtegraden<\/p><\/div><\/div>\t\t\t\t<\/div>\n\t\t\t\t<\/div>\n\t\t\t\t\t<\/div>\n\t\t<\/div>\n\t\t\t\t\t<\/div>\n\t\t<\/section>\n\t\t\t\t<section class=\"elementor-section elementor-top-section elementor-element elementor-element-fc5baea elementor-section-boxed elementor-section-height-default elementor-section-height-default\" data-id=\"fc5baea\" data-element_type=\"section\">\n\t\t\t\t\t\t<div class=\"elementor-container elementor-column-gap-default\">\n\t\t\t\t\t<div class=\"elementor-column elementor-col-50 elementor-top-column elementor-element elementor-element-a80d3f8\" data-id=\"a80d3f8\" data-element_type=\"column\">\n\t\t\t<div class=\"elementor-widget-wrap elementor-element-populated\">\n\t\t\t\t\t\t<div class=\"elementor-element elementor-element-5a7ad91 elementor-position-top elementor-widget elementor-widget-image-box\" data-id=\"5a7ad91\" data-element_type=\"widget\" data-widget_type=\"image-box.default\">\n\t\t\t\t<div class=\"elementor-widget-container\">\n\t\t\t\t\t<div class=\"elementor-image-box-wrapper\"><figure class=\"elementor-image-box-img\"><img decoding=\"async\" width=\"1084\" height=\"1064\" src=\"https:\/\/ks-kretschmar.ks-gmbh.info\/wp-content\/uploads\/2020\/03\/Image6.gif\" class=\"attachment-full size-full wp-image-323\" alt=\"\" \/><\/figure><div class=\"elementor-image-box-content\"><h3 class=\"elementor-image-box-title\">Multipocket spring core<\/h3><p class=\"elementor-image-box-description\">Taschenfederkern mit doppelter Federanzahl. Fester Charakter, punktelastisch, f\u00fcr hohes K\u00f6rkergewicht geeignet.<\/p><\/div><\/div>\t\t\t\t<\/div>\n\t\t\t\t<\/div>\n\t\t\t\t\t<\/div>\n\t\t<\/div>\n\t\t\t\t<div class=\"elementor-column elementor-col-50 elementor-top-column elementor-element elementor-element-49223b4\" data-id=\"49223b4\" data-element_type=\"column\">\n\t\t\t<div class=\"elementor-widget-wrap elementor-element-populated\">\n\t\t\t\t\t\t<div class=\"elementor-element elementor-element-60c2d7e elementor-position-top elementor-widget elementor-widget-image-box\" data-id=\"60c2d7e\" data-element_type=\"widget\" data-widget_type=\"image-box.default\">\n\t\t\t\t<div class=\"elementor-widget-container\">\n\t\t\t\t\t<div class=\"elementor-image-box-wrapper\"><figure class=\"elementor-image-box-img\"><img loading=\"lazy\" decoding=\"async\" width=\"1844\" height=\"1186\" src=\"https:\/\/ks-kretschmar.ks-gmbh.info\/wp-content\/uploads\/2020\/09\/Kretschmar-Schaumstoffmatratzen.jpg\" class=\"attachment-full size-full wp-image-3277\" alt=\"\" srcset=\"https:\/\/ks-kretschmar.ks-gmbh.info\/wp-content\/uploads\/2020\/09\/Kretschmar-Schaumstoffmatratzen.jpg 1844w, https:\/\/ks-kretschmar.ks-gmbh.info\/wp-content\/uploads\/2020\/09\/Kretschmar-Schaumstoffmatratzen-300x193.jpg 300w, https:\/\/ks-kretschmar.ks-gmbh.info\/wp-content\/uploads\/2020\/09\/Kretschmar-Schaumstoffmatratzen-1024x659.jpg 1024w, https:\/\/ks-kretschmar.ks-gmbh.info\/wp-content\/uploads\/2020\/09\/Kretschmar-Schaumstoffmatratzen-768x494.jpg 768w, https:\/\/ks-kretschmar.ks-gmbh.info\/wp-content\/uploads\/2020\/09\/Kretschmar-Schaumstoffmatratzen-1536x988.jpg 1536w\" sizes=\"(max-width: 1844px) 100vw, 1844px\" \/><\/figure><div class=\"elementor-image-box-content\"><h3 class=\"elementor-image-box-title\">PU-Komfortschaum-Kaltschaum-HR\/HRV\/HRC<\/h3><p class=\"elementor-image-box-description\">Punktelastisch, optimale K\u00f6rperanpassung, mit verschiedenen Liegezonen und H\u00e4rtegraden<\/p><\/div><\/div>\t\t\t\t<\/div>\n\t\t\t\t<\/div>\n\t\t\t\t\t<\/div>\n\t\t<\/div>\n\t\t\t\t\t<\/div>\n\t\t<\/section>\n\t\t\t\t<\/div>","protected":false},"excerpt":{"rendered":"<p>Bonnellfederkern Feste Federkonstruktion, sehr atmungsaktiv, f\u00fcr Objekt- und Homebereich geeignet Taschenfederkern Punktelastisch, atmungsaktiv, mit mehreren H\u00e4rtezonen und H\u00e4rtegraden Multipocket Taschenfederkern mit doppelter Federanzahl. Fester Charakter, punktelastisch, f\u00fcr hohes K\u00f6rkergewicht geeignet. PU-Komfortschaum-Kaltschaum-HR\/HRV\/HRC Punktelastisch, optimale K\u00f6rperanpassung, mit verschiedenen Liegezonen und H\u00e4rtegraden<\/p>","protected":false},"author":1,"featured_media":0,"parent":0,"menu_order":0,"comment_status":"closed","ping_status":"closed","template":"","meta":{"ocean_post_layout":"full-screen","ocean_both_sidebars_style":"","ocean_both_sidebars_content_width":0,"ocean_both_sidebars_sidebars_width":0,"ocean_sidebar":"0","ocean_second_sidebar":"0","ocean_disable_margins":"enable","ocean_add_body_class":"","ocean_shortcode_before_top_bar":"","ocean_shortcode_after_top_bar":"","ocean_shortcode_before_header":"","ocean_shortcode_after_header":"","ocean_has_shortcode":"","ocean_shortcode_after_title":"","ocean_shortcode_before_footer_widgets":"","ocean_shortcode_after_footer_widgets":"","ocean_shortcode_before_footer_bottom":"","ocean_shortcode_after_footer_bottom":"","ocean_display_top_bar":"default","ocean_display_header":"default","ocean_header_style":"","ocean_center_header_left_menu":"0","ocean_custom_header_template":"0","ocean_custom_logo":0,"ocean_custom_retina_logo":0,"ocean_custom_logo_max_width":0,"ocean_custom_logo_tablet_max_width":0,"ocean_custom_logo_mobile_max_width":0,"ocean_custom_logo_max_height":0,"ocean_custom_logo_tablet_max_height":0,"ocean_custom_logo_mobile_max_height":0,"ocean_header_custom_menu":"0","ocean_menu_typo_font_family":"0","ocean_menu_typo_font_subset":"","ocean_menu_typo_font_size":0,"ocean_menu_typo_font_size_tablet":0,"ocean_menu_typo_font_size_mobile":0,"ocean_menu_typo_font_size_unit":"px","ocean_menu_typo_font_weight":"","ocean_menu_typo_font_weight_tablet":"","ocean_menu_typo_font_weight_mobile":"","ocean_menu_typo_transform":"","ocean_menu_typo_transform_tablet":"","ocean_menu_typo_transform_mobile":"","ocean_menu_typo_line_height":0,"ocean_menu_typo_line_height_tablet":0,"ocean_menu_typo_line_height_mobile":0,"ocean_menu_typo_line_height_unit":"","ocean_menu_typo_spacing":0,"ocean_menu_typo_spacing_tablet":0,"ocean_menu_typo_spacing_mobile":0,"ocean_menu_typo_spacing_unit":"","ocean_menu_link_color":"","ocean_menu_link_color_hover":"","ocean_menu_link_color_active":"","ocean_menu_link_background":"","ocean_menu_link_hover_background":"","ocean_menu_link_active_background":"","ocean_menu_social_links_bg":"","ocean_menu_social_hover_links_bg":"","ocean_menu_social_links_color":"","ocean_menu_social_hover_links_color":"","ocean_disable_title":"default","ocean_disable_heading":"on","ocean_post_title":"","ocean_post_subheading":"","ocean_post_title_style":"","ocean_post_title_background_color":"","ocean_post_title_background":0,"ocean_post_title_bg_image_position":"","ocean_post_title_bg_image_attachment":"","ocean_post_title_bg_image_repeat":"","ocean_post_title_bg_image_size":"","ocean_post_title_height":0,"ocean_post_title_bg_overlay":0.5,"ocean_post_title_bg_overlay_color":"","ocean_disable_breadcrumbs":"default","ocean_breadcrumbs_color":"","ocean_breadcrumbs_separator_color":"","ocean_breadcrumbs_links_color":"","ocean_breadcrumbs_links_hover_color":"","ocean_display_footer_widgets":"default","ocean_display_footer_bottom":"default","ocean_custom_footer_template":"0","footnotes":""},"class_list":["post-3130","page","type-page","status-publish","hentry","entry"],"yoast_head":"<!-- This site is optimized with the Yoast SEO plugin v26.6 - https:\/\/yoast.com\/wordpress\/plugins\/seo\/ -->\n<title>Standard Matratzen - Kretschmar Schlafsysteme<\/title>\n<meta name=\"robots\" content=\"index, follow, max-snippet:-1, max-image-preview:large, max-video-preview:-1\" \/>\n<link rel=\"canonical\" href=\"https:\/\/ks-kretschmar.ks-gmbh.info\/en\/standard-matratzen\/\" \/>\n<meta property=\"og:locale\" content=\"en_GB\" \/>\n<meta property=\"og:type\" content=\"article\" \/>\n<meta property=\"og:title\" content=\"Standard Matratzen - Kretschmar Schlafsysteme\" \/>\n<meta property=\"og:description\" content=\"Bonnellfederkern Feste Federkonstruktion, sehr atmungsaktiv, f\u00fcr Objekt- und Homebereich geeignet Taschenfederkern Punktelastisch, atmungsaktiv, mit mehreren H\u00e4rtezonen und H\u00e4rtegraden Multipocket Taschenfederkern mit doppelter Federanzahl. Fester Charakter, punktelastisch, f\u00fcr hohes K\u00f6rkergewicht geeignet. PU-Komfortschaum-Kaltschaum-HR\/HRV\/HRC Punktelastisch, optimale K\u00f6rperanpassung, mit verschiedenen Liegezonen und H\u00e4rtegraden\" \/>\n<meta property=\"og:url\" content=\"https:\/\/ks-kretschmar.ks-gmbh.info\/en\/standard-matratzen\/\" \/>\n<meta property=\"og:site_name\" content=\"Kretschmar Schlafsysteme\" \/>\n<meta property=\"article:modified_time\" content=\"2020-09-08T22:53:09+00:00\" \/>\n<meta property=\"og:image\" content=\"http:\/\/ks-kretschmar.ks-gmbh.info\/wp-content\/uploads\/2020\/09\/Kretschmar-Bonnellmatratzen-300x168.jpg\" \/>\n<meta name=\"twitter:card\" content=\"summary_large_image\" \/>\n<script type=\"application\/ld+json\" class=\"yoast-schema-graph\">{\"@context\":\"https:\/\/schema.org\",\"@graph\":[{\"@type\":\"WebPage\",\"@id\":\"https:\/\/ks-kretschmar.ks-gmbh.info\/standard-matratzen\/\",\"url\":\"https:\/\/ks-kretschmar.ks-gmbh.info\/standard-matratzen\/\",\"name\":\"Standard Matratzen - Kretschmar Schlafsysteme\",\"isPartOf\":{\"@id\":\"https:\/\/ks-kretschmar.ks-gmbh.info\/#website\"},\"primaryImageOfPage\":{\"@id\":\"https:\/\/ks-kretschmar.ks-gmbh.info\/standard-matratzen\/#primaryimage\"},\"image\":{\"@id\":\"https:\/\/ks-kretschmar.ks-gmbh.info\/standard-matratzen\/#primaryimage\"},\"thumbnailUrl\":\"http:\/\/ks-kretschmar.ks-gmbh.info\/wp-content\/uploads\/2020\/09\/Kretschmar-Bonnellmatratzen-300x168.jpg\",\"datePublished\":\"2020-08-11T21:46:56+00:00\",\"dateModified\":\"2020-09-08T22:53:09+00:00\",\"breadcrumb\":{\"@id\":\"https:\/\/ks-kretschmar.ks-gmbh.info\/standard-matratzen\/#breadcrumb\"},\"inLanguage\":\"en-GB\",\"potentialAction\":[{\"@type\":\"ReadAction\",\"target\":[\"https:\/\/ks-kretschmar.ks-gmbh.info\/standard-matratzen\/\"]}]},{\"@type\":\"ImageObject\",\"inLanguage\":\"en-GB\",\"@id\":\"https:\/\/ks-kretschmar.ks-gmbh.info\/standard-matratzen\/#primaryimage\",\"url\":\"http:\/\/ks-kretschmar.ks-gmbh.info\/wp-content\/uploads\/2020\/09\/Kretschmar-Bonnellmatratzen-300x168.jpg\",\"contentUrl\":\"http:\/\/ks-kretschmar.ks-gmbh.info\/wp-content\/uploads\/2020\/09\/Kretschmar-Bonnellmatratzen-300x168.jpg\"},{\"@type\":\"BreadcrumbList\",\"@id\":\"https:\/\/ks-kretschmar.ks-gmbh.info\/standard-matratzen\/#breadcrumb\",\"itemListElement\":[{\"@type\":\"ListItem\",\"position\":1,\"name\":\"Startseite\",\"item\":\"https:\/\/ks-kretschmar.ks-gmbh.info\/\"},{\"@type\":\"ListItem\",\"position\":2,\"name\":\"Standard Matratzen\"}]},{\"@type\":\"WebSite\",\"@id\":\"https:\/\/ks-kretschmar.ks-gmbh.info\/#website\",\"url\":\"https:\/\/ks-kretschmar.ks-gmbh.info\/\",\"name\":\"Kretschmar Schlafsysteme\",\"description\":\"\",\"publisher\":{\"@id\":\"https:\/\/ks-kretschmar.ks-gmbh.info\/#organization\"},\"potentialAction\":[{\"@type\":\"SearchAction\",\"target\":{\"@type\":\"EntryPoint\",\"urlTemplate\":\"https:\/\/ks-kretschmar.ks-gmbh.info\/?s={search_term_string}\"},\"query-input\":{\"@type\":\"PropertyValueSpecification\",\"valueRequired\":true,\"valueName\":\"search_term_string\"}}],\"inLanguage\":\"en-GB\"},{\"@type\":\"Organization\",\"@id\":\"https:\/\/ks-kretschmar.ks-gmbh.info\/#organization\",\"name\":\"Kretschmar Schlafsysteme\",\"url\":\"https:\/\/ks-kretschmar.ks-gmbh.info\/\",\"logo\":{\"@type\":\"ImageObject\",\"inLanguage\":\"en-GB\",\"@id\":\"https:\/\/ks-kretschmar.ks-gmbh.info\/#\/schema\/logo\/image\/\",\"url\":\"https:\/\/ks-kretschmar.ks-gmbh.info\/wp-content\/uploads\/2020\/02\/cropped-Unbenannt-1.png\",\"contentUrl\":\"https:\/\/ks-kretschmar.ks-gmbh.info\/wp-content\/uploads\/2020\/02\/cropped-Unbenannt-1.png\",\"width\":2016,\"height\":508,\"caption\":\"Kretschmar Schlafsysteme\"},\"image\":{\"@id\":\"https:\/\/ks-kretschmar.ks-gmbh.info\/#\/schema\/logo\/image\/\"}}]}<\/script>\n<!-- \/ Yoast SEO plugin. -->","yoast_head_json":{"title":"Standard Matratzen - Kretschmar Schlafsysteme","robots":{"index":"index","follow":"follow","max-snippet":"max-snippet:-1","max-image-preview":"max-image-preview:large","max-video-preview":"max-video-preview:-1"},"canonical":"https:\/\/ks-kretschmar.ks-gmbh.info\/en\/standard-matratzen\/","og_locale":"en_GB","og_type":"article","og_title":"Standard Matratzen - Kretschmar Schlafsysteme","og_description":"Bonnellfederkern Feste Federkonstruktion, sehr atmungsaktiv, f\u00fcr Objekt- und Homebereich geeignet Taschenfederkern Punktelastisch, atmungsaktiv, mit mehreren H\u00e4rtezonen und H\u00e4rtegraden Multipocket Taschenfederkern mit doppelter Federanzahl. Fester Charakter, punktelastisch, f\u00fcr hohes K\u00f6rkergewicht geeignet. PU-Komfortschaum-Kaltschaum-HR\/HRV\/HRC Punktelastisch, optimale K\u00f6rperanpassung, mit verschiedenen Liegezonen und H\u00e4rtegraden","og_url":"https:\/\/ks-kretschmar.ks-gmbh.info\/en\/standard-matratzen\/","og_site_name":"Kretschmar Schlafsysteme","article_modified_time":"2020-09-08T22:53:09+00:00","og_image":[{"url":"http:\/\/ks-kretschmar.ks-gmbh.info\/wp-content\/uploads\/2020\/09\/Kretschmar-Bonnellmatratzen-300x168.jpg","type":"","width":"","height":""}],"twitter_card":"summary_large_image","schema":{"@context":"https:\/\/schema.org","@graph":[{"@type":"WebPage","@id":"https:\/\/ks-kretschmar.ks-gmbh.info\/standard-matratzen\/","url":"https:\/\/ks-kretschmar.ks-gmbh.info\/standard-matratzen\/","name":"Standard Matratzen - Kretschmar Schlafsysteme","isPartOf":{"@id":"https:\/\/ks-kretschmar.ks-gmbh.info\/#website"},"primaryImageOfPage":{"@id":"https:\/\/ks-kretschmar.ks-gmbh.info\/standard-matratzen\/#primaryimage"},"image":{"@id":"https:\/\/ks-kretschmar.ks-gmbh.info\/standard-matratzen\/#primaryimage"},"thumbnailUrl":"http:\/\/ks-kretschmar.ks-gmbh.info\/wp-content\/uploads\/2020\/09\/Kretschmar-Bonnellmatratzen-300x168.jpg","datePublished":"2020-08-11T21:46:56+00:00","dateModified":"2020-09-08T22:53:09+00:00","breadcrumb":{"@id":"https:\/\/ks-kretschmar.ks-gmbh.info\/standard-matratzen\/#breadcrumb"},"inLanguage":"en-GB","potentialAction":[{"@type":"ReadAction","target":["https:\/\/ks-kretschmar.ks-gmbh.info\/standard-matratzen\/"]}]},{"@type":"ImageObject","inLanguage":"en-GB","@id":"https:\/\/ks-kretschmar.ks-gmbh.info\/standard-matratzen\/#primaryimage","url":"http:\/\/ks-kretschmar.ks-gmbh.info\/wp-content\/uploads\/2020\/09\/Kretschmar-Bonnellmatratzen-300x168.jpg","contentUrl":"http:\/\/ks-kretschmar.ks-gmbh.info\/wp-content\/uploads\/2020\/09\/Kretschmar-Bonnellmatratzen-300x168.jpg"},{"@type":"BreadcrumbList","@id":"https:\/\/ks-kretschmar.ks-gmbh.info\/standard-matratzen\/#breadcrumb","itemListElement":[{"@type":"ListItem","position":1,"name":"Startseite","item":"https:\/\/ks-kretschmar.ks-gmbh.info\/"},{"@type":"ListItem","position":2,"name":"Standard Matratzen"}]},{"@type":"WebSite","@id":"https:\/\/ks-kretschmar.ks-gmbh.info\/#website","url":"https:\/\/ks-kretschmar.ks-gmbh.info\/","name":"Kretschmar Schlafsysteme","description":"","publisher":{"@id":"https:\/\/ks-kretschmar.ks-gmbh.info\/#organization"},"potentialAction":[{"@type":"SearchAction","target":{"@type":"EntryPoint","urlTemplate":"https:\/\/ks-kretschmar.ks-gmbh.info\/?s={search_term_string}"},"query-input":{"@type":"PropertyValueSpecification","valueRequired":true,"valueName":"search_term_string"}}],"inLanguage":"en-GB"},{"@type":"Organization","@id":"https:\/\/ks-kretschmar.ks-gmbh.info\/#organization","name":"Kretschmar Schlafsysteme","url":"https:\/\/ks-kretschmar.ks-gmbh.info\/","logo":{"@type":"ImageObject","inLanguage":"en-GB","@id":"https:\/\/ks-kretschmar.ks-gmbh.info\/#\/schema\/logo\/image\/","url":"https:\/\/ks-kretschmar.ks-gmbh.info\/wp-content\/uploads\/2020\/02\/cropped-Unbenannt-1.png","contentUrl":"https:\/\/ks-kretschmar.ks-gmbh.info\/wp-content\/uploads\/2020\/02\/cropped-Unbenannt-1.png","width":2016,"height":508,"caption":"Kretschmar Schlafsysteme"},"image":{"@id":"https:\/\/ks-kretschmar.ks-gmbh.info\/#\/schema\/logo\/image\/"}}]}},"_links":{"self":[{"href":"https:\/\/ks-kretschmar.ks-gmbh.info\/en\/wp-json\/wp\/v2\/pages\/3130","targetHints":{"allow":["GET"]}}],"collection":[{"href":"https:\/\/ks-kretschmar.ks-gmbh.info\/en\/wp-json\/wp\/v2\/pages"}],"about":[{"href":"https:\/\/ks-kretschmar.ks-gmbh.info\/en\/wp-json\/wp\/v2\/types\/page"}],"author":[{"embeddable":true,"href":"https:\/\/ks-kretschmar.ks-gmbh.info\/en\/wp-json\/wp\/v2\/users\/1"}],"replies":[{"embeddable":true,"href":"https:\/\/ks-kretschmar.ks-gmbh.info\/en\/wp-json\/wp\/v2\/comments?post=3130"}],"version-history":[{"count":11,"href":"https:\/\/ks-kretschmar.ks-gmbh.info\/en\/wp-json\/wp\/v2\/pages\/3130\/revisions"}],"predecessor-version":[{"id":3279,"href":"https:\/\/ks-kretschmar.ks-gmbh.info\/en\/wp-json\/wp\/v2\/pages\/3130\/revisions\/3279"}],"wp:attachment":[{"href":"https:\/\/ks-kretschmar.ks-gmbh.info\/en\/wp-json\/wp\/v2\/media?parent=3130"}],"curies":[{"name":"wp","href":"https:\/\/api.w.org\/{rel}","templated":true}]}}